{"id":194,"date":"2011-09-02T21:17:25","date_gmt":"2011-09-02T21:17:25","guid":{"rendered":"https:\/\/therrien.org\/?page_id=194"},"modified":"2018-05-30T11:27:30","modified_gmt":"2018-05-30T11:27:30","slug":"volumes-sur-les-terrien","status":"publish","type":"page","link":"https:\/\/therrien.org\/fr\/publications\/volumes-sur-les-terrien\/","title":{"rendered":"Volumes sur les Terrien"},"content":{"rendered":"<p><\/p>\n<p style=\"text-align: justify;\"><strong>Volumes<\/strong><\/p>\n<p style=\"text-align: justify; padding-left: 30px;\"><em>Publication par Roger Therrien<\/em><\/p>\n<p style=\"text-align: justify; padding-left: 60px;\"><a title=\"Publication par Roger Therrien\" href=\"https:\/\/therrien.org\/fr\/publications\/volumes-sur-les-terrien\/#Roger_Therrien_ancor\">\u00ab\u00a0<em>Pierre Terrien et Gabrielle Mineau (Mignot), leur vie, leur famille et leur entourage<\/em>\u00a0\u00bb<\/a><\/p>\n<p style=\"text-align: justify; padding-left: 30px;\"><em>Publication par Rachel Laplante<\/em><\/p>\n<p style=\"text-align: justify; padding-left: 60px;\"><a title=\"Publication par Rachel Laplante\" href=\"https:\/\/therrien.org\/fr\/publications\/volumes-sur-les-terrien\/#Rachel_Laplante_ancor\">\u00ab\u00a0 <em>MES RACINES, MES AMOURS<\/em>\u00a0\u00a0\u00bb<\/a><\/p>\n<p style=\"text-align: justify; padding-left: 30px;\"><em>Publication par R. T. Therrien<\/em><\/p>\n<p style=\"text-align: justify; padding-left: 60px;\"><a title=\"Publication par R. T. Therrien\" href=\"https:\/\/therrien.org\/fr\/publications\/volumes-sur-les-terrien\/#RT_Therrien_ancor\">\u00ab\u00a0<em>NOS ANC\u00caTRES (3e \u00e9dition), Filiation g\u00e9n\u00e9alogique de Jules Terrien et Sophie Pelletier<\/em>\u00a0\u00bb<\/a><\/p>\n<p style=\"text-align: justify; padding-left: 30px;\"><a title=\"Disque compacte\" href=\"https:\/\/therrien.org\/fr\/publications\/volumes-sur-les-terrien\/#Disque_Compacte_ancor\">Disque compacte<\/a><\/p>\n<p style=\"text-align: justify; padding-left: 30px;\"><a title=\"Bulletins\" href=\"https:\/\/therrien.org\/fr\/publications\/volumes-sur-les-terrien\/#Bulletins_ancor\">Bulletins<\/a><\/p>\n<p style=\"text-align: justify;\"><strong>Volumes<\/strong><\/p>\n<p style=\"text-align: justify;\"><a name=\"Roger_Therrien_ancor\"><\/a><strong><em>Publication par Roger Therrien<\/em><\/strong><\/p>\n<div id=\"attachment_592\" style=\"width: 235px\" class=\"wp-caption alignright\"><a href=\"https:\/\/therrien.org\/wp-content\/uploads\/2012\/02\/Livre_Couverture.jpg\"><img loading=\"lazy\" decoding=\"async\" aria-describedby=\"caption-attachment-592\" class=\"size-medium wp-image-592  \" style=\"border: 2px solid black; margin: 1px;\" title=\"Pierre Terrien et Gabrielle Mineau (Mignot), leur vie, leur famille et leur entourage Par Roger Therrien\" src=\"https:\/\/therrien.org\/wp-content\/uploads\/2012\/02\/Livre_Couverture-225x300.jpg\" alt=\"Pierre Terrien et Gabrielle Mineau (Mignot), leur vie, leur famille et leur entourage Par Roger Therrien\" width=\"225\" height=\"300\" srcset=\"https:\/\/therrien.org\/wp-content\/uploads\/2012\/02\/Livre_Couverture-225x300.jpg 225w, https:\/\/therrien.org\/wp-content\/uploads\/2012\/02\/Livre_Couverture.jpg 465w\" sizes=\"auto, (max-width: 225px) 100vw, 225px\" \/><\/a><p id=\"caption-attachment-592\" class=\"wp-caption-text\">Livre de Roger Therrien<\/p><\/div>\n<p style=\"text-align: justify;\">Vous voulez conna\u00eetre la vie de l\u2019anc\u00eatre Pierre Terrien, et bien sachez que sa biographie est maintenant r\u00e9dig\u00e9e et disponible. Il s\u2019agit de l\u2019histoire d\u00e9taill\u00e9e de la vie de l\u2019anc\u00eatre et de celle de son \u00e9pouse Gabrielle Mineau (Mignot), de celle de chacun de leurs enfants, et de quelques notes sur la troisi\u00e8me g\u00e9n\u00e9ration.<\/p>\n<p style=\"text-align: justify;\" align=\"left\">En 2006 Roger Therrien publia le tome 1 de son volume intitul\u00e9 \u00ab <em>Pierre Terrien et Gabrielle Mineau (Mignot), leur vie, leur famille et leur entourage<\/em> \u00bb. Cet ouvrage fut publi\u00e9 pour souligner le 350<sup>e<\/sup> anniversaire de l\u2019arriv\u00e9e de l\u2019anc\u00eatre Pierre Terrien en Nouvelle-France, arriv\u00e9 au pays en 1656. Apr\u00e8s cette premi\u00e8re publication, Roger a poursuivi ses recherches pour une \u00e9ventuelle suite \u00e0 ce premier ouvrage.<\/p>\n<p style=\"text-align: justify;\">Ses recherches lui ont permis de d\u00e9couvrir certains faits nouveaux qui n\u00e9cessitent quelques corrections ou modifications sur certains \u00e9v\u00e9nements. C\u2019est alors qu\u2019il a d\u00e9cid\u00e9 de pr\u00e9senter cette deuxi\u00e8me \u00e9dition de 302 pages avec les modifications qui s\u2019imposent.<\/p>\n<p style=\"text-align: justify;\"><strong>D\u00e9p\u00f4t l\u00e9gal 2010. ISBN 978-2-9809-508-0-3<\/strong> Biblioth\u00e8que Nationale du Qu\u00e9bec et Biblioth\u00e8que Nationale du Canada.<\/p>\n<p style=\"text-align: justify;\"><em>Il est important de noter que cette deuxi\u00e8me \u00e9dition ne change en rien les faits relat\u00e9s dans le tome 1 sur l\u2019histoire de notre anc\u00eatre ni sur celle de sa famille, seule la pr\u00e9sentation est diff\u00e9rente.<\/em><\/p>\n<div id=\"attachment_593\" style=\"width: 246px\" class=\"wp-caption alignright\"><a href=\"https:\/\/therrien.org\/wp-content\/uploads\/2012\/02\/Livre_Endos.jpg\"><img loading=\"lazy\" decoding=\"async\" aria-describedby=\"caption-attachment-593\" class=\"size-medium wp-image-593 \" style=\"border: 2px solid black; margin: 1px;\" title=\"Biographie de Roger Therrien\" src=\"https:\/\/therrien.org\/wp-content\/uploads\/2012\/02\/Livre_Endos-236x300.jpg\" alt=\"Biographie de Roger Therrien\" width=\"236\" height=\"300\" srcset=\"https:\/\/therrien.org\/wp-content\/uploads\/2012\/02\/Livre_Endos-236x300.jpg 236w, https:\/\/therrien.org\/wp-content\/uploads\/2012\/02\/Livre_Endos.jpg 466w\" sizes=\"auto, (max-width: 236px) 100vw, 236px\" \/><\/a><p id=\"caption-attachment-593\" class=\"wp-caption-text\">Biographie de Roger Therrien<\/p><\/div>\n<p style=\"text-align: justify;\">Vous d\u00e9couvrirez entre autres dans ce livre :<\/p>\n<ul>\n<li>Un bref historique des familles Terrien de France, r\u00e9gion de La Rochelle.<\/li>\n<li>La venue de Pierre Terrien en Nouvelle-France.<\/li>\n<li>Sa vie en Nouvelle-France, son mariage avec ainsi que quelques notes sur les gens de leur entourage.<\/li>\n<li>Leurs enfants et leur famille.<\/li>\n<li>Un bref historique des autres Terrien venu en Nouvelle-France.<\/li>\n<\/ul>\n<p style=\"text-align: justify;\">Vous trouverez \u00e9galement quelques faits historiques qui ont marqu\u00e9 la vie de nos anc\u00eatres.<\/p>\n<p style=\"text-align: center;\"><em>\u00ab\u00a0Soyons fiers de nos racines et propageons l\u2019histoire de nos anc\u00eatres!\u00bb<\/em><\/p>\n<p>Pour commander le livre, veuillez remplir le <a title=\"Bon de commande Livre Roger Therrien\" href=\"https:\/\/therrien.org\/wp-content\/uploads\/2012\/02\/Bon-de-commande-Roger-Therrien.pdf\" target=\"_blank\">bon de commande suivant<\/a>. <strong><\/strong>Pour toutes informations,\u00a0n\u2019h\u00e9sitez pas \u00e0 contacter <a title=\"Adresse courriel de Roger Therrien\" href=\"mailto:rogertherrien4@videotron.ca\">Roger Therrien<\/a>, il se fera un plaisir de r\u00e9pondre \u00e0 toutes vos questions.<\/p>\n<p style=\"text-align: justify;\"><a name=\"Rachel_Laplante_ancor\"><\/a><strong><em>Publication par Rachel Laplante<\/em><\/strong><\/p>\n<div id=\"attachment_741\" style=\"width: 235px\" class=\"wp-caption alignright\"><a href=\"https:\/\/therrien.org\/wp-content\/uploads\/2011\/09\/Couverture-Mes-racines-mes-amours-001.jpg\"><img loading=\"lazy\" decoding=\"async\" aria-describedby=\"caption-attachment-741\" class=\"wp-image-741 \" style=\"border-image: initial; border-width: 2px; border-color: black; border-style: solid; margin: 2px;\" title=\"Mes racines, Mes amours\" src=\"https:\/\/therrien.org\/wp-content\/uploads\/2011\/09\/Couverture-Mes-racines-mes-amours-001.jpg\" alt=\"Mes racines, Mes amours\" width=\"225\" height=\"300\" \/><\/a><p id=\"caption-attachment-741\" class=\"wp-caption-text\">Livre de Rachel Laplante<\/p><\/div>\n<p style=\"text-align: justify;\">MES RACINES, MES AMOURS est la biographie de Joseph Therrien, mon grand-p\u00e8re maternel, descendant de Pierre Terrien de La Rochelle. Issu d&rsquo;une famille modeste et nombreuse, Joseph est r\u00e9solu: sortir de la pauvret\u00e9. Il part travailler dans l&rsquo;Ouest canadien. \u00c0 son retour, il s&rsquo;\u00e9tablit \u00e0 Saint-Claude. Il fait la rencontre de Emma Marceau, qu&rsquo;il \u00e9pouse et avec qui il a cinq enfants dont ma m\u00e8re, Angelina Therrien. Elle \u00e9pouse Rosaire Laplante et leur union produit de nombreux enfants. C&rsquo;est une histoire passionnante dont le r\u00e9cit est agr\u00e9ment\u00e9 de nombreuses photos.<\/p>\n<p style=\"text-align: justify;\"><strong>D\u00e9p\u00f4t l\u00e9gal 2012. ISBN 978-2-9813051-0-7<\/strong><\/p>\n<p style=\"text-align: justify;\">Pour vous procurer le manuscrit de 254 pages, au co\u00fbt de 25 $, veuillez communiquer avec Rachel Laplante \u00e0 l&rsquo;adresse courriel suivante :\u00a0<a title=\"rachellaplante@ymail.com\" href=\"mailto:rachellaplante@ymail.com\" target=\"_blank\">rachellaplante@ymail.com<\/a><\/p>\n<p style=\"text-align: justify;\"><a name=\"RT_Therrien_ancor\"><\/a><strong><em>Publication par R. T. Therrien<\/em><\/strong><\/p>\n<div id=\"attachment_741\" style=\"width: 235px\" class=\"wp-caption alignright\"><a href=\"https:\/\/therrien.org\/wp-content\/uploads\/2012\/09\/Couverture_RT_Therrien_Tome1.jpg\"><img loading=\"lazy\" decoding=\"async\" aria-describedby=\"caption-attachment-741\" class=\"wp-image-741 \" style=\"border-image: initial; border-width: 2px; border-color: black; border-style: solid; margin: 2px;\" title=\"NOS ANC\u00caTRES (3e \u00e9dition)\" src=\"https:\/\/therrien.org\/wp-content\/uploads\/2012\/09\/Couverture_RT_Therrien_Tome1.jpg\" alt=\"NOS ANC\u00caTRES (3e \u00e9dition)\" width=\"225\" height=\"300\" \/><\/a><p id=\"caption-attachment-741\" class=\"wp-caption-text\">Livre de R. T. Therrien<\/p><\/div>\n<p style=\"text-align: justify;\">R\u00e9parti sur quelque 147 pages, le TOME-I, NOS ANC\u00caTRES (3e \u00e9dition) se divise en trois chapitres:<\/p>\n<p style=\"text-align: justify;\">1-\tLES \u00a8TERRIENNE\u00a8 en France;<br \/>\n2-\tLES \u00a8TERRIEN\u00a8 au Qu\u00e9bec;<br \/>\n3-\tLES \u00a8THERRIEN\u00a8 au Nouveau-Brunswick.<\/p>\n<p style=\"text-align: justify;\">Le premier chapitre traite particuli\u00e8rement de nos origines, du patronyme familial, des armoiries de famille et de la lign\u00e9e connue en France.<\/p>\n<p style=\"text-align: justify;\">Le deuxi\u00e8me chapitre raconte les premi\u00e8res traces du patronyme en Nouvelle-France, l\u2019anc\u00eatre Pierre, les enfants de Pierre et Gabrielle Minaud et l\u2019ascendance directe de Jules au Qu\u00e9bec.<\/p>\n<p style=\"text-align: justify;\">Le dernier chapitre comprend le p\u00e9riple de Jules Terrien \u00e0 partir de Saint-Nicolas au Qu\u00e9bec jusqu\u2019\u00e0 la petite colonie du haut-Saint-Jean (aujourd\u2019hui particuli\u00e8rement le compt\u00e9 de Madawaska, au Nouveau-Brunswick) et les descendants imm\u00e9diats de Jules Terrien et Sophie Pelletier.<\/p>\n<p style=\"text-align: justify;\">En vente par son concepteur au co\u00fbt de 30.00 $, plus les frais de poste (si applicable). Veuillez communiquer avec Monsieur Th\u00e9o  Therrien afin de vous procurer ce livre.<\/p>\n<p style=\"text-align: justify;\">R. T. Therrien<br \/>\n18 avenue Gagnon<br \/>\nEdmundston, N.-B.<br \/>\nE3V 3H8<br \/>\nT\u00e9l\u00e9phone : (506) 735-4859<br \/>\nCourriel :\u00a0<a title=\"therrien.nb@live.net\" href=\"mailto:therrien.nb@live.net\" target=\"_blank\">therrien.nb@live.net<\/a><\/p>\n<p style=\"text-align: justify;\"><a name=\"Disque_Compacte_ancor\"><\/a><strong>Disques Compacte<\/strong><\/p>\n<p style=\"text-align: justify;\">Disque Compacte Therrien \/ Th\u00e9rien \/ Terrien: 50,00$\u00a0\u00a0 frais de poste inclus.\u00a0 Pour information : <a title=\"Adresse courriel de Th\u00e9odoe Therrien\" href=\"mailto:ttherrien@primus.ca\">Th\u00e9odore J. Therrien<\/a><\/p>\n<p style=\"text-align: justify;\"><a name=\"Bulletins_ancor\"><\/a><strong>Bulletins<\/strong><\/p>\n<p style=\"text-align: justify;\">Le Therrien:\u00a0 s\u00e9rie compl\u00e8te 70,00$ + frais de poste<\/p>\n<p><\/p>","protected":false},"excerpt":{"rendered":"<p>Volumes Publication par Roger Therrien \u00ab\u00a0Pierre Terrien et Gabrielle Mineau (Mignot), leur vie, leur famille et leur entourage\u00a0\u00bb Publication par Rachel Laplante \u00ab\u00a0 MES RACINES, MES AMOURS\u00a0\u00a0\u00bb Publication par R. T. Therrien \u00ab\u00a0NOS ANC\u00caTRES (3e \u00e9dition), Filiation g\u00e9n\u00e9alogique de Jules &hellip; <a href=\"https:\/\/therrien.org\/fr\/publications\/volumes-sur-les-terrien\/\">Continuer la lecture <span class=\"meta-nav\">&rarr;<\/span><\/a><\/p>\n","protected":false},"author":3,"featured_media":0,"parent":169,"menu_order":1,"comment_status":"closed","ping_status":"closed","template":"","meta":{"ngg_post_thumbnail":0,"footnotes":""},"class_list":["post-194","page","type-page","status-publish","hentry"],"aioseo_notices":[],"_links":{"self":[{"href":"https:\/\/therrien.org\/fr\/wp-json\/wp\/v2\/pages\/194","targetHints":{"allow":["GET"]}}],"collection":[{"href":"https:\/\/therrien.org\/fr\/wp-json\/wp\/v2\/pages"}],"about":[{"href":"https:\/\/therrien.org\/fr\/wp-json\/wp\/v2\/types\/page"}],"author":[{"embeddable":true,"href":"https:\/\/therrien.org\/fr\/wp-json\/wp\/v2\/users\/3"}],"replies":[{"embeddable":true,"href":"https:\/\/therrien.org\/fr\/wp-json\/wp\/v2\/comments?post=194"}],"version-history":[{"count":46,"href":"https:\/\/therrien.org\/fr\/wp-json\/wp\/v2\/pages\/194\/revisions"}],"predecessor-version":[{"id":2346,"href":"https:\/\/therrien.org\/fr\/wp-json\/wp\/v2\/pages\/194\/revisions\/2346"}],"up":[{"embeddable":true,"href":"https:\/\/therrien.org\/fr\/wp-json\/wp\/v2\/pages\/169"}],"wp:attachment":[{"href":"https:\/\/therrien.org\/fr\/wp-json\/wp\/v2\/media?parent=194"}],"curies":[{"name":"wp","href":"https:\/\/api.w.org\/{rel}","templated":true}]}}